{"id":9494,"date":"2023-03-14T07:58:45","date_gmt":"2023-03-14T06:58:45","guid":{"rendered":"http:\/\/www.villingur.com\/?page_id=9494"},"modified":"2025-01-23T13:31:37","modified_gmt":"2025-01-23T12:31:37","slug":"referat-fra-styret-2023","status":"publish","type":"page","link":"http:\/\/www.villingur.com\/?page_id=9494","title":{"rendered":"Referat fra styret 2023"},"content":{"rendered":"\n<p class=\"has-vivid-red-color has-text-color has-link-color wp-elements-ecd711cac9d68e1043ef2786e215492d\"><strong>Styrem\u00f8te 14<\/strong><\/p>\n\n\n\n<p>16.01.2024<br>Sted: Hos Bjarne<br>Til stede: Tormod, Miriam, Malin, Monika, Ingeborg og Bjarne<\/p>\n\n\n\n<p><strong>Sak 1. &nbsp;(63) Varmepumpe<\/strong><\/p>\n\n\n\n<p>Egil har skaffet midler til varmepumpe i klubbhuset i dalen. Vi i styret er enige om plassering av varmepumpe s\u00e5 sant mont\u00f8r fra Power mener det samme. Kommer mont\u00f8r 17.01 for installasjon. Egil m\u00f8ter men vi m\u00e5 klargj\u00f8re og rydde plass. Tormod reiser ned.<\/p>\n\n\n\n<p><strong>Sak 2. &nbsp;(64) \u00c5rsm\u00f8te<\/strong><\/p>\n\n\n\n<p>Gjennomgang av \u00e5rsm\u00f8te, Miriam klargj\u00f8r papirer.<\/p>\n\n\n\n<p><strong>Sak 3. (65) Gj\u00f8r klar til nytt styre &nbsp;&nbsp;<\/strong><\/p>\n\n\n\n<p>Monika foresl\u00e5r at leder for 2023 er med p\u00e5 f\u00f8rste m\u00f8te til styret for 2024 for en oppdatering og rask gjennomgang. Overlevering av n\u00f8kler og passord. Styret st\u00f8tter dette.<\/p>\n\n\n\n<p><strong>Sak 4. (66) Klubbmesterskap<\/strong><\/p>\n\n\n\n<p>Ingeborg har forespurt dommere. Cecilie Kolnes har sagt ja, venter p\u00e5 svar fra to stk.<\/p>\n\n\n\n<p><strong>Sak 5. (67) Vintercup &nbsp;<\/strong><\/p>\n\n\n\n<p>Vintercup 2: Torstein og Iren d\u00f8mmer<\/p>\n\n\n\n<p>Vintercup 3: Anja og Bjarne d\u00f8mmer, foresp\u00f8r om vi f\u00e5r minst en dommer til.<\/p>\n\n\n\n<p><strong>Eventuelt<\/strong><\/p>\n\n\n\n<p>Miriam og Monika har en rask gjennomgang hvor langt planleggingen er kommet. Dommere er p\u00e5 plass og de har startet \u00e5 delegere ut ansvarsomr\u00e5der.<\/p>\n\n\n\n<p class=\"has-vivid-red-color has-text-color has-link-color wp-elements-656caaa03ac8cb40aaf04c29c80bfa87\"><strong>Styrem\u00f8te 13<\/strong><\/p>\n\n\n\n<p>15.11.2023<br>Sted: Hos Monika<br>Til stede: Tormod, Miriam, Malin, Monika, Maria, Ingeborg og Bjarne<\/p>\n\n\n\n<p><strong>Sak 1.&nbsp; (57) \u00c5rsm\u00f8te&nbsp;<\/strong><\/p>\n\n\n\n<p>Standar innkalling sendes p\u00e5 mail, frist for innkommende saker 2 uker, frist for utsending av papirer 1 uke. Styrem\u00f8te uke 3, 16.01 kl 19:00 hos Bjarne for gjennomgang av innkommende saker.&nbsp;<\/p>\n\n\n\n<p>P\u00e5melding middag, frist settes i god nok tid til at middag kan planlegges. Miriam sjekker om kommunestyresalen er ledig.&nbsp;<\/p>\n\n\n\n<p>Valgkomite er informert om dato. &nbsp;<\/p>\n\n\n\n<p><strong>Sak 2.&nbsp; (58) Instrukt\u00f8r v\u00e5r 2024<\/strong><\/p>\n\n\n\n<p>Marthe Skj\u00e6veland er usikker til v\u00e5r 2024.&nbsp;<\/p>\n\n\n\n<p>Diskuterer andre muligheter, men kommer frem til at vi legger instrukt\u00f8r til v\u00e5ren litt p\u00e5 is da det virker som de fleste kj\u00f8rer private kurs og vi sliter med \u00e5 finne noen som er ettertraktet nok til at vi klarer \u00e5 fylle kurs. Har avlyst litt for mye. Er Marthe ledig kj\u00f8rer vi Marthe v\u00e5r 2024, Gulli er ogs\u00e5 en god kandidat til et enkeltkurs her og der.&nbsp;<\/p>\n\n\n\n<p>Forslag om dressurinstrukt\u00f8r, Maria h\u00f8rer med ei som hun kjenner.&nbsp;<\/p>\n\n\n\n<p>\u00d8nske om \u00e5 kj\u00f8re helger rettet mot barn og unge, sjekket mulighet for hvor vi kan ha dette. Tormod foresp\u00f8r Fossanmoen.&nbsp;<\/p>\n\n\n\n<p>Maria har blitt gammel nok til voksenhelg, Ingeborg sjekker kalender for dette.&nbsp;<\/p>\n\n\n\n<p><strong>Sak 3. (59) Julegr\u00f8t &nbsp;<\/strong><\/p>\n\n\n\n<p>Perly lager gr\u00f8t. Gunnar har sagt ja til \u00e5 v\u00e6re nisse. Monika fikser \u00abgodteposer\u00bb<\/p>\n\n\n\n<p>Starter kl 17:00, nissen kommer 17:45, gr\u00f8t kl 18:00&nbsp;<\/p>\n\n\n\n<p>P\u00e5melding innen 26.11<\/p>\n\n\n\n<p>Pris 50,- medlemmer, 100,- ikke medlemmer&nbsp;<\/p>\n\n\n\n<p>Husk hjelm for de som \u00f8nsker \u00e5 ri (sykkelhjelm ok) V\u00e6rforbehold p\u00e5 ridning.&nbsp;<\/p>\n\n\n\n<p>Sende ut info p\u00e5 mail, facebooksiden, instagram og nettsiden.&nbsp;<\/p>\n\n\n\n<p><strong>Sak 4. (60) Den gule sparebanken, Sandnes sparebank&nbsp;<\/strong><\/p>\n\n\n\n<p>Mulighet for \u00e5 s\u00f8ke om penger til utdanning, oppl\u00e6ring, kompetanse, kultur, idrett, prosjekt\/arrangement og b\u00e6rekraft. Tormod sender s\u00f8knad om hoppeslott til Villingurstevnet 2024 og Pics.io. &nbsp;<\/p>\n\n\n\n<p><strong>Sak 5. (61) Lokallagsm\u00f8te&nbsp;<\/strong><\/p>\n\n\n\n<p>Maria har f\u00e5tt invitasjon til middag, sjekker muligheter for \u00e5 bli med p\u00e5 m\u00f8te som en representant for Villingur.&nbsp;<\/p>\n\n\n\n<p><strong>Sak 6. (62) Vintercup<\/strong><\/p>\n\n\n\n<p>Invitasjon b\u00f8r ut snart.&nbsp;<\/p>\n\n\n\n<p class=\"has-vivid-red-color has-text-color has-link-color wp-elements-b476f809cbcbd939c9aed0515c1610fa\"><strong>Styrem\u00f8te 12<\/strong><\/p>\n\n\n\n<p>Dato: 01.11.2023<br>Sted: Teams<br>Tilstede: Tormod, Miriam, Malin, Monika, Maria<\/p>\n\n\n\n<p><strong>Sak 1.&nbsp; (52) Barteritt<\/strong><\/p>\n\n\n\n<p>Monika lager lapskaus, Strandbuen er tipset, Rosa Sl\u00f8yfe ritt i Stavanger klarte 8380kr innsamlede midler. Vi h\u00e5per \u00e5 sl\u00e5 den&nbsp;<\/p>\n\n\n\n<p><strong>Sak 2.&nbsp; (53) Vintercup<\/strong><\/p>\n\n\n\n<p>Uke 2 p\u00e5 Fossanmoen, s\u00f8ndag 14.01<\/p>\n\n\n\n<p>Uke 7 p\u00e5 Tegle, s\u00f8ndag 18.02, verken Miriam eller Malin kan bli med \u00e5 ta sportfengur den helgen. Malin har tilbudt seg \u00e5 hjelpe p\u00e5 avstand ved behov. M\u00e5 finne noen andre som kan.<\/p>\n\n\n\n<p>Torstein Fossan og Iren Haugan har sagt ja til \u00e5 d\u00f8mme, begge \u00f8nsker \u00e5 ri p\u00e5 siste kvalifiserende stevne. Tormod h\u00f8rer om andre dommere.<\/p>\n\n\n\n<p>Miriam lager invitasjon<\/p>\n\n\n\n<p><strong>Sak 3. (54) \u00c5rsm\u00f8te&nbsp;<\/strong><\/p>\n\n\n\n<p>Dato satt til fredag 26.01.2024. Mat fra kl 18:00 m\u00f8testart kl 19:00<\/p>\n\n\n\n<p><strong>Sak 4. (55) Instrukt\u00f8rer 2024<\/strong><\/p>\n\n\n\n<p>Fortsette med Marthe Skj\u00e6veland, evt f\u00e5 inn flere instrukt\u00f8rer for bredere valgmulighet for medlemmer. Tenker p\u00e5 hvem til neste styrem\u00f8te.<\/p>\n\n\n\n<p>Marthe kurs i november blir kj\u00f8rt uansett, som en bonus for at det alltid g\u00e5r i pluss.<\/p>\n\n\n\n<p><strong>Sak 5. (56) Julegr\u00f8t<\/strong><\/p>\n\n\n\n<p>S\u00f8ndag 03.12, klubbhuset. Fors\u00f8ke \u00e5 f\u00e5 nisse for barna. Tormod foresp\u00f8r noen som kan lage gr\u00f8t.<\/p>\n\n\n\n<p class=\"has-vivid-red-color has-text-color has-link-color wp-elements-edbe7000034fad1e3687bbc413583605\"><strong>Styrem\u00f8te 11<\/strong><\/p>\n\n\n\n<p>Dato: 19.10.23<br>Sted: Teams og hos Tormod<br>Tilstede: Ingeborg, Miriam, Bjarne, Tormod, Maria og Monika<br><br><strong>Sak 1 (50) Arrangement utover h\u00f8sten\/v\u00e5ren<\/strong>Det er s\u00f8kt om WR stevnet f\u00f8rste helg i mai. alts\u00e5 uke 18. Det er ogs\u00e5 s\u00f8kt om avlsvisning i forkant av Villingurstevnet.<br><br>Klubbmesterskap:<br>Ulike datoer for KM ble diskutert. Dato for klubbmesterskap i 2024 blir 6-7 april.<br>Ingeborg stiller som stevneleder p\u00e5 KM.<br><br>Tormod og Ingeborg&nbsp;fikser dommere<br>Monika fikser kiosk<br>Miriam (og Malin) fikser sekretariat<br><br>KLASSER<br>* Sportsklasse:<br>Junior (13-16 \u00e5r): V1, T1, F1, T2, P2:<br>Ungrytter (16-21 \u00e5r): V1, T1, F1, T2, P2<br>Senior (22+): V1, T1, F1, T2, P2<br>* Fritidsklasse<br>Barn u\/plassering (6-11\u00e5r): V5, T7<br>Barn m\/plassering (11-12\u00e5r): V5, T7<br>Junior (13-16 \u00e5r): V5, T7<br>Ungrytter (16-21 \u00e5r): V5, T7<br>Senior (22+): V5, T7<br><br>Villingurstevnet: Iren har sagt hun kan ordne dommere og fikse bosted til de. Dommere: trenger 3-4 feif dommere og 2 nasjonal.<br><br>Vintercup 2024<br>Cup 1 : uke 2-3 \u2013 Fossanmoen<br>Cup 2 : uke 6-7 \u2013 Tegle<br>Cup 3\/kvallik : uke 10 \u2013 Dalen<br>Julegr\u00f8t 3.12 \u2013 Tormod foresp\u00f8r Jan, Marie og Iren om \u00e5 lage gr\u00f8t.<br><br><br><strong>Sak 2 (51) Kurs<\/strong>Det er vanskelig \u00e5 gjennomf\u00f8re Trine kurs p.d.d. Styret er enige om at \u00f8konomien g\u00e5r ikke opp med s\u00e5 lavt antall. Miriam snakker med Trine om videre kurs at vi sl\u00f8yfer disse. Det blir for dyrt for medlemmer \u00e5 delta n\u00e5r prisen blir s\u00e5 h\u00f8y. Vi har fremdeles et etterslep p\u00e5 kurs da det ble kj\u00f8rt kurs med 6 p\u00e5meldte. Forslag om \u00e5 ha \u00abRytterm\u00f8te\u00bb. Kalle inn alle som \u00f8nsker \u00e5 ri for Trine. Andre alternativer? Hva b\u00f8r vi gj\u00f8re? F\u00e5r alle sine behov dekket?<br>Forslag:<br>Hvis 4-5 stk av de som \u00f8nsker \u00e5 ri for Trine blir med. Kan Villingur stille med Pixio(?) og arrangere l\u00f8rdags formiddag og felles lunsj. Hjemreise etterp\u00e5. Og samme p\u00e5 s\u00f8ndagen \u2013 da kan Trine v\u00e6re i DK men at hun f\u00e5r betalt for de timene hun \u00abunderviser\u00bb via nett.<br><br>9 p\u00e5meldte p\u00e5 Marthe kurs i oktober. Marthe kursene g\u00e5r veldig fint \u00f8konomisk.<br><br>Eventuelt<br>Uke 44: Styrem\u00f8te og rytterm\u00f8te \u2013 teams.<br><br>Uke 46: Fysisk styrem\u00f8te \u2013 planlegge \u00e5rsm\u00f8te<\/p>\n\n\n\n<p class=\"has-vivid-red-color has-text-color has-link-color wp-elements-e87b4ddf6047fa4bdd7558f61fd64384\"><strong>Styrem\u00f8te 10&nbsp;<\/strong><\/p>\n\n\n\n<p>04.10.2023&nbsp;<\/p>\n\n\n\n<p>Sted: Hos Malin&nbsp;<\/p>\n\n\n\n<p>Til stede: Tormod, Miriam, Malin, Monika, Ingeborg&nbsp;<\/p>\n\n\n\n<p><strong>Sak 1.&nbsp; (40) Neste styrem\u00f8te&nbsp;<\/strong>&nbsp;<\/p>\n\n\n\n<p>18.10 Hos Vikinghest. Tormod stiller med vafler&nbsp;&nbsp;&nbsp;<\/p>\n\n\n\n<p><strong>Sak 2.&nbsp; (41) Medlemsm\u00f8te<\/strong>&nbsp;<\/p>\n\n\n\n<p>Medlemsm\u00f8te blir skyvd frem til 11.10. H\u00e5per p\u00e5 at medlemmer kan stille selv om det er h\u00f8stferie. Med tanke p\u00e5 WR stevne m\u00e5 vi ha m\u00f8te f\u00f8r 15.10 da s\u00f8knadsfrist g\u00e5r ut. &nbsp;<\/p>\n\n\n\n<p>Fysisk i dalen og teams kl 19:30. Miriam sender ut info&nbsp;<\/p>\n\n\n\n<p><strong>Sak 3. (42) Lokallagsm\u00f8te&nbsp;&nbsp;<\/strong>&nbsp;<\/p>\n\n\n\n<p>18-19 november<\/p>\n\n\n\n<p>Tormod reiser til Lokallagsm\u00f8te regi NIHf, stemmer p\u00e5 vegne av Villingur. Ingeborg kan reise hvis ingen andre kan. Foresp\u00f8r om medlemmer \u00f8nsker. H\u00e5per vi f\u00e5r saksliste f\u00f8r medlemsm\u00f8te. P\u00e5meldingsfrist 01.11.&nbsp;<\/p>\n\n\n\n<p><strong>Sak 4. (43) Tilbakemelding fra styre til sydvestkomite<\/strong>&nbsp;<\/p>\n\n\n\n<p>Kommunikasjon og informasjonsflyt m\u00e5 bli bedre. Starte tidligere med planlegging \u00e5 f\u00e5 dugnad. Tar det med oss som en l\u00e6ring, flere som ikke har fors\u00f8kt seg f\u00f8r som fikk pr\u00f8ve hvordan det er \u00e5 arrangere stevne.&nbsp;<\/p>\n\n\n\n<p><strong>Sak 5. (44) Komite til WR neste \u00e5r&nbsp;<\/strong>&nbsp;<\/p>\n\n\n\n<p>Egen komite eller styre som skal ta ansvar for WR stevne? Sp\u00f8r medlemmer hvem som \u00f8nsker \u00e5 evt bli med i en komite. Foresp\u00f8r p\u00e5 medlemsm\u00f8te.&nbsp;&nbsp;<\/p>\n\n\n\n<p>Kommer inn forslag om \u00e5 droppe WR og ha mer lavterskel stevne pga av \u00f8konomi og h\u00e5p om mer aktivitet? Tas opp p\u00e5 medlemsm\u00f8te&nbsp;&nbsp;<\/p>\n\n\n\n<p>Avlsvisning? Sist vi snakket om dette kom pandemien \u2013 skal vi pr\u00f8ve igjen?<\/p>\n\n\n\n<p><strong>Sak 6. (45) Trine kurs<\/strong>&nbsp;<\/p>\n\n\n\n<p>Pr n\u00e5 7 stk som har meldt interesse. Ikke nok til \u00e5 forsvare \u00e5 kj\u00f8re kurs. Forslag om clinic, styret er positive men usikre p\u00e5 om vi klarer \u00e5 dekke 3 plasser (ca 2500,- pr) med clinic.&nbsp;&nbsp;<\/p>\n\n\n\n<p><strong>Sak 7 (46) Nye \u00abstyremedlemmer\u00bb&nbsp;<\/strong>&nbsp;<\/p>\n\n\n\n<p>Vi i styret har dr\u00f8ftet om vi skal fors\u00f8ke \u00e5 ha trainies. Bjarne Fossan er klar. Vi skal tenke ut om det kan v\u00e6re andre til neste De har ikke stemmerett, men kan komme med gode ideer og innspill, og kanskje kjenne kallet om \u00e5 bli med i styret.&nbsp;&nbsp;&nbsp;<\/p>\n\n\n\n<p><strong>Sak 8 (47) Kommende arrangement.&nbsp;<\/strong>&nbsp;<\/p>\n\n\n\n<ol start=\"1\" class=\"wp-block-list\">\n<li>Stevnesesong for 2024, Tormod h\u00f8rer med ledere i naboklubbene slik at minst mulig krasjer.\u00a0\u00a0<\/li>\n\n\n\n<li>Dommerkurs Faxi, Snart \u00e5pner p\u00e5melding for alle. Vi h\u00e5per noen fra Villingur \u00f8nsker \u00e5 reise.\u00a0\u00a0<\/li>\n\n\n\n<li>P\u00e5gansmot blir utsatt\u00a0\u00a0<\/li>\n\n\n\n<li>Stallvandring desember. Monika sp\u00f8r Stall Oaland.\u00a0\u00a0<\/li>\n\n\n\n<li>I januar starter vintercup. F\u00f8rste del blir p\u00e5 Tegle. Kommet tilbake med n\u00e6rmere datoer. Storhaug m\u00e5tte dessverre si nei pga av bygging rundt og mangel p\u00e5 parkeringsplass. H\u00e5per de er klar til vintercup 2025\u00a0\u00a0<\/li>\n<\/ol>\n\n\n\n<p>Monika foresl\u00e5r movember ritt. Dato er satt til 05.11. Kiosk i dalen med kake og mat, p\u00e5meldingsavgift p\u00e5 tur, starte vipps, ri med bl\u00e5 kl\u00e6r. Alle inntekter g\u00e5r til kreftforeningen.&nbsp;&nbsp;<\/p>\n\n\n\n<p>Vi sp\u00f8r etter sponsorer til evt utloddning for de p\u00e5meldte. Kan du ikke ri, bli med til fots. Vurderer mulighet for at vi kan stille med hest til barn. Monika tar hovedansvar, resten av styret er med og hjelper.&nbsp;&nbsp;&nbsp;<\/p>\n\n\n\n<p><strong>Sak 9 (48) Innkj\u00f8p av prosjektor<\/strong>&nbsp;<\/p>\n\n\n\n<p>Vi sjekket n\u00e5 interessen og er heldige som f\u00e5r l\u00e5ne prosjektor av Monika og Eiven midlertidig. De blir \u00f8delagt av \u00e5 ikke bli brukt.&nbsp;&nbsp;<\/p>\n\n\n\n<p><strong>Sak 10 (49) Banen&nbsp;<\/strong>&nbsp;<\/p>\n\n\n\n<p>Sauer \u00f8delegger banen. Har allerede dratt opp en p\u00e5le. Vi m\u00e5 f\u00e5 i orden porten og gjerde slik at de ikke kommer seg inn. Vi m\u00e5 ogs\u00e5 fikse veien slik at h\u00f8st og vinterv\u00e6ret ikke \u00f8delegger den helt. Dette m\u00e5 skje ASAP!&nbsp;&nbsp;<\/p>\n\n\n\n<p><strong>Eventuelt&nbsp;<\/strong>&nbsp;<\/p>\n\n\n\n<p>Malin har hatt rydding. Donerer litt barneb\u00f8ker til Villingur.&nbsp;&nbsp;<\/p>\n\n\n\n<p class=\"has-vivid-red-color has-text-color has-link-color wp-elements-34c7d1967b83b77542ec72764e0097cc\"><strong>Styrem\u00f8te 9&nbsp;<\/strong><\/p>\n\n\n\n<p>14.09.2023&nbsp;<\/p>\n\n\n\n<p>Sted: Teams&nbsp;<\/p>\n\n\n\n<p>Til stede: Tormod, Miriam, Malin&nbsp;<\/p>\n\n\n\n<p><strong>Sak 1.&nbsp; (36) Gjennomgang sp\u00f8rreskjema<\/strong>&nbsp;<\/p>\n\n\n\n<p>23 svar&nbsp;&nbsp;<\/p>\n\n\n\n<p>19 stk Ja til WR stevne 2024&nbsp;<\/p>\n\n\n\n<p>4 stk Nei til WR stevne 2024&nbsp;<\/p>\n\n\n\n<p>Tormod foresp\u00f8r Fossanmoen om helg i uke 22 og 23 til WR stevne.&nbsp;&nbsp;<\/p>\n\n\n\n<p><strong>Sak 2.&nbsp; (37) Medlemsm\u00f8te<\/strong>&nbsp;<\/p>\n\n\n\n<p>Ref sp\u00f8rreunders\u00f8kelse der flere medlemmer \u00f8nsker medlemsm\u00f8te, forel\u00f8pig dato 18.10 &nbsp;<\/p>\n\n\n\n<p><strong>Sak 3. (38) Temakveld&nbsp;<\/strong>&nbsp;<\/p>\n\n\n\n<p>Miriam har forespurt SN hesteutstyr. Ledig i oktober, men trenger en hel kveld om \u00f8nskelig en helg. En kveld med foredrag og en dag med utpr\u00f8ving av bitt.&nbsp;&nbsp;<\/p>\n\n\n\n<p>Tormod har pratet med foringsekspert, hun har hatt mye negative opplevelser med \u00e5 ha temakvelder. Folk er generelt negative til tips om for, \u00f8nsker derfor ikke ha foredrag. Styret syntes dette er en trist utvikling.&nbsp;&nbsp;<\/p>\n\n\n\n<p>Malin foresl\u00e5r at det er mulig med temakveld\/workshop om samhold i klubb. Sjekker hvem som kan v\u00e6re aktuelle.&nbsp;&nbsp;<\/p>\n\n\n\n<p><strong>Sak 4. (39) Neste styrem\u00f8te<\/strong>&nbsp;<\/p>\n\n\n\n<p>Neste styrem\u00f8te onsdag 04.10.2023, hos Malin&nbsp;<\/p>\n\n\n\n<p class=\"has-vivid-red-color has-text-color has-link-color wp-elements-2dbb6d913e64233b410dc6d56d2e9ed3\"><strong>Styrem\u00f8te 8<\/strong><\/p>\n\n\n\n<p>Dato: 1.6.23<br>Tilstede: Tormod, Monika, Malin og Miriam<br><br><strong>Sak 1 (29) Sydvesten<\/strong><\/p>\n\n\n\n<p>Vi hadde en gjennomgang av sydvesten. Per n\u00e5 8 p\u00e5meldt.<br><br>Monika trenger en avklaring ang\u00e5ende dommerforpleining. Skal vi betale for mat eller skal Monika ordne? Hun sjekker med Kari.<\/p>\n\n\n\n<p>Tormod og Kari skal ha m\u00f8te med Fossanmoen neste uke.<br><br>For at stevnet skal g\u00e5 i balanse har vi en grense p\u00e5 40-45 deltakere.<\/p>\n\n\n\n<p>Miriam deler sydvesten p\u00e5 Facebook og Instagram. Dommere kan publiseres.&nbsp;Sende ut epost.<\/p>\n\n\n\n<p>Tormod \u00f8nsker \u00e5 kj\u00f8re stevnet uansett antall.<\/p>\n\n\n\n<p>Tormod sjekker med Torstein om \u00e5 flytte opp sekretariats brakka.&nbsp;<\/p>\n\n\n\n<p><strong>Sak 2 (30) P\u00e5gangsmot<\/strong><\/p>\n\n\n\n<p>22 oktober.<br><br>Miriam legger ut i terminlisten.<br><br>Dommere: Bjarne, Gro Anita, Jofrid (?).<br><br>Miriam og Tormod lager utkast til invitasjon.<\/p>\n\n\n\n<p><strong>Sak 3 (31) Terminlista<br><\/strong>Temakveld om bitt og medlemsm\u00f8te samlet.&nbsp;Miriam sjekker med SN-Sal og hesteutstyr om hun har anledning \u00e5 komme inn.<br><br>Temakveld om foring av hest, Tormod sjekker med Jenny Gramn\u00e6s som har master innen foring.&nbsp;<\/p>\n\n\n\n<p>Vintercup: Tormod venter p\u00e5 svar fra Kristian Tjomsland.&nbsp;<\/p>\n\n\n\n<p><strong>Sak 4 (32) Kurs<\/strong><\/p>\n\n\n\n<p>Marthe kurs i august er nesten fullt, 9 stk p\u00e5meldt.&nbsp;<\/p>\n\n\n\n<p>Trine har kommet med forslag til 30 september og 1 oktober helgen som erstatning p\u00e5 16-17 september kurset. Vi ser det er vanskelig \u00e5 fylle opp da flere ikke er til stede under kurshelgene. Maria h\u00f8rer rundt om de \u00f8nsker kurs 30-1 okt.&nbsp;Neste kurs blir ikke f\u00f8r i november hvis ikke.<br><br>Vi ser generelt at kurs i regi av Villingur er vanskelig \u00e5 fylle opp, b\u00f8r det oppfordres til at medlemmer selv arrangerer privat kurs, men at anlegget i dalen st\u00e5r fritt til \u00e5 brukes? Vi i styret kan ogs\u00e5 v\u00e6re behjelpelige med \u00e5 l\u00e5se opp\/sette p\u00e5 kaffe og lignende.<\/p>\n\n\n\n<p><strong>Sak 5 (33) \u00d8konomi<\/strong><\/p>\n\n\n\n<p>Vi har mottatt LAM midler p\u00e5 13101,-&nbsp;<\/p>\n\n\n\n<p>Egil s\u00f8kte tilskudd til ridebanen hos Sandnes kommune. Vi har f\u00e5tt tildelt 36600,-&nbsp;<br><br>Forslag fra Monika om \u00e5 s\u00f8ke st\u00f8tte hos Equinor til Rekruttering barnedag\/kurs. Monika sender inn s\u00f8knad p\u00e5 10&nbsp;000,-<br>Equinor har ogs\u00e5 ordninger der en kan s\u00f8ke om st\u00f8tte til 100&nbsp;000,- Miriam og Monika sjekker hva som ligger til grunn p\u00e5 \u00e5rets s\u00f8knadsordning.<\/p>\n\n\n\n<p><strong>Sak 6 (34) Ungdomsgruppa<\/strong><\/p>\n\n\n\n<p>Maria, Idunn og Tormod snakker sammen om et arrangement der ungdommene kan rekruttere ungdommer til klubben.&nbsp;<\/p>\n\n\n\n<p>Bruke penger til \u00abhesteleie\u00bb.&nbsp;<\/p>\n\n\n\n<p><br><strong>Sak 7 (35) Villingurstevnet<br><\/strong>Har f\u00e5tt sp\u00f8rsm\u00e5l om vi skal ha WR stevne i 2024.&nbsp;<\/p>\n\n\n\n<p><br>Styret \u00f8nsker \u00e5 h\u00f8re med medlemmene hvilke tanker de har, vi sender ut et skjema som de kan svare p\u00e5 med f\u00f8lgende sp\u00f8rsm\u00e5l:<\/p>\n\n\n\n<p><br>&#8211; \u00d8nsker du at vi arrangerer Villingurstevnet?<br>ja nei<br><br>&#8211; \u00d8nsker du \u00e5 bidra?<br>ja nei<\/p>\n\n\n\n<p><br>Det blir ogs\u00e5 medlemsm\u00f8te, men vi \u00f8nsker at flere skal svare p\u00e5 sp\u00f8rsm\u00e5lene.<br><br><\/p>\n\n\n\n<p><strong>Eventuelt<\/strong><\/p>\n\n\n\n<p>Sekretariats brakka: Miriam og Monika vasker den ut.&nbsp;<\/p>\n\n\n\n<p>Dommerkurs: Faxi skal ha, Villingur foresl\u00e5r at klubben dekker kurset og eksamen mot at vedkommende d\u00f8mmer stevner for oss i 2 \u00e5r. Deretter dekker vi oppdateringskurset mot gratis d\u00f8mming. Dato 11-12 november.<br><br>B-instrukt\u00f8rkurs: Tormod sjekker om det er mulig for b-instrukt\u00f8rkurs i n\u00e6rheten eller om vi kan ha.<\/p>\n\n\n\n<p>Det er \u00f8nskelig med sakliste i forkant av styrem\u00f8ter. Tormod setter opp og sender ut i styrechatten i forkant.<br><br><\/p>\n\n\n\n<p>Vi \u00f8nsker \u00e5 legge frem et tilbud til medlemmene om klubbkl\u00e6r. Vi tar dette opp igjen senere.<\/p>\n\n\n\n<p>VM jentene m\u00e5 f\u00e5 pengene sine utbetalt, trenger utbetalingsinformasjon.<\/p>\n\n\n\n<p>Vi m\u00e5 nok kj\u00f8pe inn flere stoppeklokker, m\u00e5 sjekke en gang til om det trengs eller ikke.<\/p>\n\n\n\n<p class=\"has-vivid-red-color has-text-color has-link-color wp-elements-f15f72b04dead22c300bb02dda0b1b65\"><strong>Styrem\u00f8te 7<\/strong><\/p>\n\n\n\n<p>Dato: 12.07.2023<br>Sted: Teams<br>Til stede: Tormod, Miriam, Monika, Maria, Malin<\/p>\n\n\n\n<p><strong>Sak 1. (27) Ny nestleder<\/strong><\/p>\n\n\n\n<p>Rolf har trukket seg fra sitt verv som nestleder. Tormod har v\u00e6rt i kontakt med rytterforbundet og h\u00f8rt om regler. Siden Villingur ikke har noe i protokollen ang. dette s\u00e5 st\u00e5r styret fritt til hvordan vi ordner dette. 3 muligheter.<\/p>\n\n\n\n<p>1. Styremedlem blir nestleder<\/p>\n\n\n\n<p>2. Styret st\u00e5r uten nestleder<\/p>\n\n\n\n<p>3. Ekstraordin\u00e6rt \u00e5rsm\u00f8te for nytt valg av ny nestleder<\/p>\n\n\n\n<p>Monika Undheim rykker opp fra vara til nestleder ut \u00e5ret. Styret st\u00f8tter dette. Ellers er styret som f\u00f8r. Styret st\u00e5r n\u00e5 uten vara medlem.<\/p>\n\n\n\n<p><strong>Sak 2. (28) Neste styrem\u00f8te<\/strong><\/p>\n\n\n\n<p>Neste styrem\u00f8te i uke 34. Ellers kommunikasjon p\u00e5 chat gruppe eller innkalling til m\u00f8te p\u00e5 teams.<\/p>\n\n\n\n<p><strong>Eventuelt<\/strong><\/p>\n\n\n\n<p>Maria Gjellestad Bosvik, Idunn Marie Pedersen og Luisa Husby Sem er tatt ut til \u00e5 representere Norge i VM 2023, vi gratulerer.<\/p>\n\n\n\n<p>Oppfordrer til \u00e5 s\u00f8ke sponsormidler fra Villingur. Refererer til \u00e5rsm\u00f8te for 2022 ang retningslinjer.<\/p>\n\n\n\n<p>Fant Villingurbanner, denne er utdatert. Vasket men ikke mulig \u00e5 male om. Pris p\u00e5 ny 2x1m mellom 700,- til 1500,-. Vi venter med ny banner siden vi har 2 flagg.<\/p>\n\n\n\n<p>Mistamot<\/p>\n\n\n\n<p>Endre navn til p\u00e5gangsmot eller nyttmot. Litt mer positiv vridning.<\/p>\n\n\n\n<p>Bjarne og Jofrid har sagt ja til \u00e5 d\u00f8mme. Gro Anita m\u00e5 sjekke dato.<\/p>\n\n\n\n<p>Fossanmoen har sagt ja til at vi kan holde stevnet der, men m\u00e5 dobbeltsjekke dato.<\/p>\n\n\n\n<p>Respons p\u00e5 \u00e5 stille med hest til barneridning i august er liten, selv med gratis stevne som gulrot. Monika, Miriam og Malin stiller med hest.<\/p>\n\n\n\n<p class=\"has-vivid-red-color has-text-color has-link-color wp-elements-96062d00be89e9889846143f10ff7806\"><strong>Styrem\u00f8te 6<\/strong><\/p>\n\n\n\n<p>28.06.2023<br>Sted: J\u00e5tt\u00e5<br>Til stede: Tormod, Miriam, Monika, Rolf, Maria, Malin<\/p>\n\n\n\n<p><strong>Sak 1. Sydvesten<\/strong><\/p>\n\n\n\n<p>Dommere \u2013 Mari Soot<\/p>\n\n\n\n<p>Stevneleder \u2013 Kari Egelandsdal<\/p>\n\n\n\n<p>Sekretariat \u2013 Miriam og Marianne Bryn<\/p>\n\n\n\n<p>Dommerforpleining \u2013 Monika<\/p>\n\n\n\n<p>Invitasjon \u2013 Tormod, Kari, Miriam og Marianne<\/p>\n\n\n\n<p>Premier kj\u00f8pt inn<\/p>\n\n\n\n<p><strong>Sak 2. Evaluering av barnedag<\/strong><\/p>\n\n\n\n<p>F\u00e5tt mye skryt b\u00e5de fra deltagere og klubbmedlemmer<\/p>\n\n\n\n<p>Vi sprer kunnskap om hest og forst\u00e5else av hvordan hesten er for de som kan m\u00f8te dem langs trafikken, lager det tryggere b\u00e5de for ryttere og de som m\u00f8ter.<\/p>\n\n\n\n<p>Positivt at det ikke bare var ridning.<\/p>\n\n\n\n<p>Forbedringspotensial:<\/p>\n\n\n\n<p>Klargj\u00f8ring<\/p>\n\n\n\n<p>Gruppeflyt<\/p>\n\n\n\n<p>Hvis mulig flere hester<\/p>\n\n\n\n<p>Hvis mulig flere p\u00e5 post om hestestell og teori<\/p>\n\n\n\n<p>En \u00abhost\u00bb som tar imot de som kommer og er tilgjengelig for sp\u00f8rsm\u00e5l<\/p>\n\n\n\n<p>Har blitt forespurt oppf\u00f8lging:<\/p>\n\n\n\n<p>Forslag om rideturer i mindre grupper<\/p>\n\n\n\n<p>Forslag for \u00e5 f\u00e5 mer dugnad. Gratis stevne for de som har stilt med hest p\u00e5 alle barnearrangement. Villingurstevne.<\/p>\n\n\n\n<p><strong>Sak 3. Vintercup<\/strong><\/p>\n\n\n\n<p>Steder: Tegle, Storhaug og Forsand<\/p>\n\n\n\n<p>Tegle er allerede forespurt og er positive<\/p>\n\n\n\n<p>2 dommere (3 hvis mulig, dugnadsdommere)<\/p>\n\n\n\n<p>Klasser: V5, T7, T6, F3 (foresp\u00f8r dommer om hvilken klasse som er anbefalt med pass i hall)<\/p>\n\n\n\n<p>Nov, Jan og feb, ikke avsatt eksakt dato<\/p>\n\n\n\n<p><strong>Sak 4 Mistamot<\/strong><\/p>\n\n\n\n<p>Foresl\u00e5tt dato: 22.10.2023<\/p>\n\n\n\n<p>Tormod foresp\u00f8r dommere om dato er ok<\/p>\n\n\n\n<p>A-flokk, B-flokk, GDY, GDT, galopp l\u00f8p, travl\u00f8p, pass l\u00f8p, \u00f8l l\u00f8p<\/p>\n\n\n\n<p>Andre aktiviteter for \u00e5 ha det g\u00f8y<\/p>\n\n\n\n<p>250,-<\/p>\n\n\n\n<p>Premier: Vurdere alternative premier<\/p>\n\n\n\n<p><strong>Sak 5. Telt<\/strong><\/p>\n\n\n\n<p>Rolf sjekker Monter<\/p>\n\n\n\n<p><strong>Eventuelt<\/strong><\/p>\n\n\n\n<p>Registering i Fl\u00fcgger farge, medlemmer som handler her f\u00e5r prosent og klubben f\u00e5r inn en liten prosent av rabatten. Tormod fikser og info blir delt med medlemmer<\/p>\n\n\n\n<p>Velkomstmail for nye medlemmer<\/p>\n\n\n\n<p>Innhold: Velkommen, info om klubb, aktiviteter<\/p>\n\n\n\n<p>VM, sjekke interesse for tur<\/p>\n\n\n\n<p>Foreldrem\u00f8te\/infom\u00f8te hvis vi f\u00e5r nye medlemmer<\/p>\n\n\n\n<p>Tipse t\u00f8lt.no og strandbuen om barnedag<\/p>\n\n\n\n<p>Ny barnedag i august. Monika sjekker om muligheten for mindre opplegg med 10 plasser. Leiing i skogen, evt andre ruter. P\u00e5melding med en symbolsk sum for deltakere.<\/p>\n\n\n\n<p>Faxi skal avholde dommerkurs, vi h\u00e5per medlemmer fra Villingur \u00f8nsker \u00e5 blir med p\u00e5 dette.<\/p>\n\n\n\n<p>Vestlandsdans, sjekker mulighet for ny \u00abkrabbedans\u00bb som Villingur var med \u00e5 arrangere.<\/p>\n\n\n\n<p class=\"has-vivid-red-color has-text-color has-link-color wp-elements-bdaaf68f8648d0e3427d6f7509bfe1a4\"><strong>Styrem\u00f8te 5<\/strong><\/p>\n\n\n\n<p>Dato: 1.6.23<br>Tilstede: Tormod, Monika, Malin og Miriam<br><br><strong>Sak 1. Konstituering av styret<br><\/strong>Hanne Haugan har trukket seg fra sitt verv i styret. Malin tar over sekret\u00e6r rollen. Ingeborg rykker opp til styremedlem (2 \u00e5r), Monika blir 1. vara.<br><br>Leder: Tormod Bryn<br>Nestleder: Rolf Ness<br>Styremedlemmer: Malin Horvei J\u00e5rvik (1 \u00e5r), Miriam Fossan Knudsen (2 \u00e5r), Ingeborg Steinnes Ivesdal (2 \u00e5r).<br><br>1 varamedlem: Monika Berg Undheim (1 \u00e5r)<br><br>Ungdomsrepresentant: Maria Gjellestad Bosvik (1 \u00e5r)<br><br><strong>Sak 2. Sydvesten<\/strong><\/p>\n\n\n\n<p>Forslag om \u00e5 flytte Sydvesten opp til Fossanmoen, de er positive til dette.<br>Tormod tar kontakt med de andre lederne om \u00e5 \u00e5pne opp stevnet slik S\u00f8rlandsmesterskapet.<br>Tormod sjekker ogs\u00e5 med lederne hvilke tanker de har om 3 eller 5 dommere. 3 dommere er billigere, og vi kan ha en lavere pris som gj\u00f8r det mer attraktivt.<br><br>Lene Thorud har sagt nei, Hanne Bj\u00f8rk\u00f8y har ikke svart \u2013 (Tormod purrer). Cecilie C. Kolnes svarer senere (Monika purrer) og Lise H\u00f8yvik svarer senere (Miriam purrer). Lillian Kvalen er spurt.<br><br>Hilde Madland har sagt ja.&nbsp;<br><br>Samme klasser som ellers.&nbsp;<\/p>\n\n\n\n<p>Spons: Bondekompaniet, J\u00e6ren gulrot, Agria &#8211; Miriam sjekker frist p\u00e5 Agria.<br><\/p>\n\n\n\n<p><strong>Sak 3. *G\u00f8y med hest*<\/strong><\/p>\n\n\n\n<p>Hester:&nbsp;Miriam (1), Monika (1), Malin (1 kosehest), Fossanmoen (1), Tormod (1), Brit Marit (1?), Therese (Monika sjekker).<\/p>\n\n\n\n<p>Enkel kiosk:<br>Kake, p\u00f8lse, litt sjokolade, brus, kaffe,&nbsp;<\/p>\n\n\n\n<p>Poster:<\/p>\n\n\n\n<p>Begynne med oppvisning &#8211; m\u00e5 ha speaker!<br><br>1. Barneridning<br>2. Hinderl\u00f8ype m\/kjepphest (tid)<br>3. Hesteskokasting<br>4. \u00abM\u00f8t hesten\u00bb<br>5. Teori \/ quiz<\/p>\n\n\n\n<p><strong>Invitasjon:<\/strong><br><br>Velkommen til \u00abg\u00f8y med hest\u00bb!<br>Villingur \u00f8nsker barn og voksne velkommen til en sosial dag i dalen.<br>Her vil det bli barneridning og ulike poster som barna f\u00e5r bli med p\u00e5.<br>Det er \u00e5pen kiosk under hele arrangementet.<br><br>Vi har satt tak p\u00e5 maks 35 og p\u00e5melding for ditt barn kan sendes til post@villingur.com.&nbsp;<\/p>\n\n\n\n<p><strong>Sak 4. Dugnad<\/strong><br>Vi m\u00f8tes i dalen for en kaffedr\u00f8s og gressklipping, ta med klippeutstyr.<br>7.6 fra 17.30. P\u00f8lser til grilling. Miriam\/Monika fikser.<\/p>\n\n\n\n<p><strong>Eventuelt<\/strong><\/p>\n\n\n\n<ul class=\"wp-block-list\">\n<li>Mistamot &#8211; uoffisielt g\u00e6dinga stevne. \u00abfor de som har mistamotet\u00bb. Galoppl\u00f8p, passl\u00f8p, unghestklasse. Forslag til \u00e5 ha det 2 uker for Sydvesten.<br>Bjarne og Jofrid kan d\u00f8mme.<\/li>\n\n\n\n<li>Innkj\u00f8p av klubbtelt, likt Faxi sitt \u2013 Tormod sp\u00f8r Faxi om hvor deres r\u00f8de telt med logo er kj\u00f8pt.<\/li>\n\n\n\n<li>Innkj\u00f8p av ny Villingur banner som kan medbringes p\u00e5 stevner o.l.<\/li>\n\n\n\n<li>Sekretariats brakka m\u00e5 hentes opp fra Myra. Monika sp\u00f8r om Kristian kan ordne.<\/li>\n\n\n\n<li>Forslag om \u00e5 ha en ansvarlig til \u00e5pning av klubbhus i diverse settinger som private kurs. Monika er ansvarlig og Miriam stedfortreder.<\/li>\n\n\n\n<li><\/li>\n<\/ul>\n\n\n\n<p class=\"has-vivid-red-color has-text-color has-link-color wp-elements-ff679da6b228b81e6af5ca9b1ea9f190\"><strong>Styrem\u00f8te 4<\/strong><\/p>\n\n\n\n<p class=\"has-black-color has-text-color has-link-color wp-elements-296915570a4bd34c0ce9d85327609504\">Dato: 02.05.23<br>Tilstede: Monika, Rolf, Miriam, Malin, Ingeborg og Hanne<br><br><strong>Sak 1. Evaluering av stevnet<br><\/strong>Kommentarene er at det har v\u00e6rt et bra arrangement.\u00a0<br>Det burde v\u00e6re skilter som skilter til toalett, kiosk osv. Samt gjerne en kontaktperson som kan v\u00e6re ansvarlig for \u00e5 informere eller ta imot folk og eventuelle sp\u00f8rsm\u00e5l om arrangementet.\u00a0<br>Gjerne en person som har en gul vest som markeres.\u00a0<br>Kiosken har forh\u00e5pentligvis g\u00e5tt i pluss.\u00a0<br>Til neste gang trenger vi \u00e5 kj\u00f8pe inn t\u00f8rkepapir.\u00a0<br>Vi ser tilbake til antall p\u00e5meldte fra tidligere \u00e5r.\u00a0<br><br><strong>Sak 2. Veien videre<br><\/strong>Rolf som har v\u00e6rt nestleder uttaler at det kan bli vanskelig \u00e5 rykke opp til lederrollen. Han har ikke kunnskapen til \u00e5 b\u00e6re klubben videre som leder da han ikke har v\u00e6rt med p\u00e5 \u00e5 drive en klubb f\u00f8r. Miriam sender ut en felles mail til medlemmene for info.\u00a0<br>Setter opp et ekstra ordin\u00e6rt \u00e5rsm\u00f8te 30.05. kl 19.30. Rolf kontakter leder av valgkomiteen.\u00a0<br><br><strong>Sak 3. Sydvesten<br><\/strong>Dommere: Hanne foresp\u00f8r. Har sendt melding til Lise, Lene og Hanne.<br><br>Miriam tar kontakt med ledergruppa i de andre klubbene for \u00e5 f\u00e5 en felles konklusjon om \u00e5 \u00e5pne sydvestmesterskapet\u00a0<br><br><strong>Sak 4. Barnearrangement<br><\/strong><br>Poster: Strigle, leie, klappe p\u00e5 hest, teori, quiz, tegning, ridning, hesteanatomi (basic), hesteskokasting, t\u00f8mmekj\u00f8re hverandre, longering, gymkhana.\u00a0<br>Hester: Foresp\u00f8r Fossanmoen, Malin (1), Monika (1), Miriam (1), Iren? Hilde?<br><br>18 juni. Setter tak p\u00e5 40-45 deltakere.\u00a0<br><br><strong>Sak 5. Trinekurs<br><\/strong>Forespurt om 3 datoer f\u00f8r jul. F\u00e5r ikke til \u00e5 fylle opp maikurset. Miriam tar over kontakten med Trine selv. Legger inn krav om \u00e5 booke flybilletter via klubben.\u00a0<br>Fordele kurs b\u00e5de p\u00e5 Forsand og Stall Vestb\u00f8.\u00a0<\/p>\n\n\n\n<p class=\"has-vivid-red-color has-text-color has-link-color wp-elements-54f9a2b5bd1be1e4589d73de444085b1\"><strong>Styrem\u00f8te 3<\/strong><strong>&nbsp;<\/strong><strong><\/strong><\/p>\n\n\n\n<p>14.03.2023\u00a0<br>Sted: Klubbhuset\u00a0<br>Til stede: Egil, Rolf, Monica, Miriam, Malin og Hanne\u00a0\u00a0\u00a0<\/p>\n\n\n\n<p><strong>Sak 1. (11)&nbsp;Klubbmesterskapet 2023<\/strong>&nbsp;<\/p>\n\n\n\n<p>29-30 april.&nbsp;&nbsp;<\/p>\n\n\n\n<p>Stevneleder: Egil&nbsp;Oaland&nbsp;&nbsp;<\/p>\n\n\n\n<p>Dommere 3 stk. (mangler 1): Vanskelig \u00e5 finne dommere.&nbsp;Mulig \u00e5 hente inn fra Danmark. H\u00f8rer med Janne og Helle. Iren foresp\u00f8r.&nbsp;Janne og Helle kommer. Overnatter hos Haugan, 1200 nok.&nbsp;Miriam&nbsp;bestiller biletter.&nbsp;&nbsp;&nbsp;<\/p>\n\n\n\n<p>Skrivere \u2013 Monica er ansvarlig for \u00e5 finne folk og sette opp tider.&nbsp;&nbsp;<\/p>\n\n\n\n<p>Innsjekk&nbsp;\u2013 Fleksibilitet. Har en tid for innsjekk, men om noen er seine kan det&nbsp;sjekkest&nbsp;inn etterp\u00e5.&nbsp;&nbsp;\u2013 Monica er ansvarlig for det. Finner en til, b\u00e5de fredags ettermiddag og l\u00f8rdag morgen.&nbsp;&nbsp;<\/p>\n\n\n\n<p>Innpiskere&nbsp;\u2013 Egil foresp\u00f8r folk.&nbsp;Rolf er med.&nbsp;&nbsp;<\/p>\n\n\n\n<p>Baneansvarlig- Egil Oaland og Kristian.&nbsp;Eiven&nbsp;kan bist\u00e5 med lyden.&nbsp;&nbsp;<\/p>\n\n\n\n<p>Startlister&nbsp;\u2013 Miriam F. Knudsen&nbsp;<\/p>\n\n\n\n<p>Sekretariat&nbsp;\u2013&nbsp;Miriam er sekretariatsleder: Malin, Miriam, Marianne?. Evt. Oppl\u00e6ring til&nbsp;Marie?&nbsp;&nbsp;<\/p>\n\n\n\n<p>Speaker&nbsp;\u2013 Hanne, Jofrid, Amanda?,&nbsp;Amanda trenger tid til \u00e5 forberede V5.&nbsp;&nbsp;<\/p>\n\n\n\n<p>Kiosk&nbsp;\u2013 Marie\/Hanne. 2 i kiosken i pausen.&nbsp;Monica kan bidra med&nbsp;salgsvarer.&nbsp;Jan lager pastasalat til&nbsp;l\u00f8rdag&nbsp;<\/p>\n\n\n\n<p>Oppstilling\/utekve&nbsp;\u2013 20 ledige&nbsp;utekve.&nbsp;Kun de p\u00e5 nedsiden ved oppvarmingsbanen er i bruk.&nbsp;&nbsp;<\/p>\n\n\n\n<p>Dommerforpleining&nbsp;&#8211;&nbsp;&nbsp;<\/p>\n\n\n\n<p>Premieutdeling&nbsp;&#8211;&nbsp;Egil&nbsp;sp\u00f8r Therese. Sl\u00f8yfer er bestilt. M\u00e5 bestille pokaler snarest mulig. Miriam bestiller 60 pokaler.&nbsp;&nbsp;<\/p>\n\n\n\n<p>Forberede&nbsp;lading&nbsp;av nettbrett\/walkier&nbsp;\u2013 Hanne&nbsp;&nbsp;<\/p>\n\n\n\n<p>Gjerder utenfor banen&nbsp;&#8211;&nbsp;&nbsp;<\/p>\n\n\n\n<p>Batterier til mikrofon.&nbsp;&nbsp;<\/p>\n\n\n\n<p>Tidtakere til passen (3&nbsp;stk) m\u00e5 sjekke stoppeklokke.&nbsp;&nbsp;<\/p>\n\n\n\n<p>Dugnad: 25.04.&nbsp;fra 17.00.&nbsp;&nbsp;<\/p>\n\n\n\n<p><strong>Sak 2. (12)&nbsp;Terminliste<\/strong>&nbsp;<\/p>\n\n\n\n<p>Barnas dag \u2013 Villingur sin&nbsp;rideknapp.&nbsp;Innen&nbsp;utgang av juni. F\u00f8re&nbsp;eget&nbsp;regnskap p\u00e5 det.&nbsp;Del 1 og del 2. Kommer tilbake til dato. Monica er med i planlegging.&nbsp;&nbsp;<\/p>\n\n\n\n<p>Sydvesten&nbsp;2023.&nbsp;22-24. sept. Egil foresp\u00f8r de andre klubbene.&nbsp;&nbsp;<\/p>\n\n\n\n<p><strong>Sak 3. (13)&nbsp;Kurs<\/strong>&nbsp;<\/p>\n\n\n\n<p>Trinekurs i&nbsp;januar&nbsp;gikk 170,- i minus.&nbsp;&nbsp;<\/p>\n\n\n\n<p>Marthe og&nbsp;Gullikurs&nbsp;gikk 225&nbsp;&nbsp;<\/p>\n\n\n\n<p>Trinekurs i mars gikk i minus p\u00e5 6700.&nbsp;&nbsp;<\/p>\n\n\n\n<p>Marthe kurset&nbsp;i april er fullbooket. G\u00e5r mulig i pluss i 1200.&nbsp;&nbsp;<\/p>\n\n\n\n<p>Foresp\u00f8rsel om \u00e5 forh\u00f8re med Anne Stine Haugen for \u00e5 holde kurs.&nbsp;Egil foresp\u00f8r.&nbsp;&nbsp;<\/p>\n\n\n\n<p><strong>Eventuelt:&nbsp;<\/strong>&nbsp;<\/p>\n\n\n\n<p><strong>Meningsm\u00e5ling oppfordre medlemmer til \u00e5 komme med forslag til slagord. Styret velger ut 3 forslag og avstemmer.&nbsp;<\/strong>&nbsp;<\/p>\n\n\n\n<p>Egil har s\u00f8kt om driftsmidler i&nbsp;Sandneskommune,&nbsp;invisteringsmidler&nbsp;p\u00e5 50\u202f000,- fra&nbsp;Sandnes&nbsp;kommune.&nbsp;Idrettsforbundets midler fra kommunen har blitt automatisert, og&nbsp;villingur&nbsp;f\u00e5r tilskudd ut fra medlemsmasse.&nbsp;&nbsp;<\/p>\n\n\n\n<p>Voksenweekend utg\u00e5r i mai.&nbsp;&nbsp;<\/p>\n\n\n\n<p class=\"has-vivid-red-color has-text-color has-link-color wp-elements-e374ce005e532842d741dfff4ad6a05b\"><strong>Styrem\u00f8te 2<\/strong>&nbsp;<\/p>\n\n\n\n<p>14.03.2023\u00a0<br>Sted: Klubbhuset\u00a0<br>Til stede: Egil, Rolf, Monica, Miriam, Malin og Hanne\u00a0\u00a0<\/p>\n\n\n\n<p><strong>Starter styrem\u00f8tet med gjennomgang av forrige referat.&nbsp;<\/strong>&nbsp;<\/p>\n\n\n\n<p><strong>Sak 1. (5) Behandle\/ta stilling til \u00e5rsm\u00f8tesakene i NIHF<\/strong>&nbsp;<\/p>\n\n\n\n<p>1. Familiemedlemsskap skal avvikles \u2013 alle er hovedmedlem. Senior 950, ungdom 400,- :&nbsp;<\/p>\n\n\n\n<p>\u00absekund\u00e6rforslag om forslag 1 ikke g\u00e5r gjennom: kontingent \u00f8kes til 960. familiemedlem \u00f8kes til 200.\u00bb&nbsp; &#8211; Styret stiller seg positive til sekund\u00e6rforslaget og tar det med videre til medlemsm\u00f8tet.&nbsp;&nbsp;<\/p>\n\n\n\n<p><strong>Sak 2. (6) Bestemme slagord for klubben<\/strong>&nbsp;<\/p>\n\n\n\n<p>Blir tatt med til medlemsm\u00f8tet.&nbsp;&nbsp;<\/p>\n\n\n\n<p><strong>Sak 3. (7) Planlegge kommende stevner mars\/april<\/strong>&nbsp;<\/p>\n\n\n\n<p>Planlagte stevner for mars\/april er vintercup 3, kvalifiseringsstevne og klubbmesterskapet.&nbsp;&nbsp;<\/p>\n\n\n\n<p><strong>Sak 4 (8) Terminliste videre utover \u00e5ret\/plan for rekruttering<\/strong>&nbsp;<\/p>\n\n\n\n<p>Planlagt voksenweekend i mai. M\u00e5 komme tilbake til dette.&nbsp;&nbsp;<\/p>\n\n\n\n<p>\u00d8nske om \u00e5 tilby barneridning, og det blir foresl\u00e5tt \u00e5 arrangere barneklasse til vintercup 3. Det annonseres p\u00e5 facebook for \u00e5 n\u00e5 innbyggere i Forsand. Barneridningen foreg\u00e5r p\u00e5 l\u00f8rdagen. Hanne legger ut et innlegg p\u00e5 \u00abhva skjer i Forsand\u00bb, og innhenter p\u00e5melding via chat. Svarfrist f\u00f8rstkommende onsdag.&nbsp;&nbsp;<\/p>\n\n\n\n<p><strong>Sak 5 (9) Rutiner for faste s\u00f8knader om tilskudd\/ Hva kan og b\u00f8r vi s\u00f8ke om?<\/strong>&nbsp;<\/p>\n\n\n\n<p>Samordna rapportering, driftstilskudd, spillemidler (frist i morgen) , Sparebankstiftelsen. Egil sjekker opp i hvilke tilskudd vi kan s\u00f8ke p\u00e5.&nbsp;&nbsp;<\/p>\n\n\n\n<p><strong>Sak 6 (10) Status vedr oppgradering av bane\/anlegg i Dalen.&nbsp;<\/strong>&nbsp;<\/p>\n\n\n\n<p>Det har v\u00e6rt en storsl\u00e5tt dugnad i dalen hvor mye har blitt gjort. Det er kommet nytt gjerde, skrapet sanden ute p\u00e5 dressurbanen, lagt ned r\u00f8r i bakken, p\u00e5fyll av sand i veibane og satt opp stolper. Det er utlagt str\u00f8m, og skal legges ut str\u00f8mkabel. Det avventes med lyskastere da det er viktig \u00e5 f\u00e5 ut lyden.&nbsp;&nbsp;<\/p>\n\n\n\n<p><strong>Eventuelt:&nbsp;<\/strong>&nbsp;<\/p>\n\n\n\n<p><strong>Fordeling av ansvarsomr\u00e5der i styret:&nbsp;<\/strong>&nbsp;<\/p>\n\n\n\n<p>Bane og anleggsansvarlig \u2013 Egil har ansvaret.&nbsp;&nbsp;<\/p>\n\n\n\n<p>Kursansvarlig \u2013 Miriam har administrativt ansvar og Egil hjelper med dialoger.&nbsp;&nbsp;<\/p>\n\n\n\n<p>Turansvarlig \u2013 avventer&nbsp;<\/p>\n\n\n\n<p>Rekruttering \u2013 Hanne og Maria&nbsp;&nbsp;<\/p>\n\n\n\n<p class=\"has-vivid-red-color has-text-color has-link-color wp-elements-f4127464e78005434b1b28867a232d6b\"><strong>Styrem\u00f8te 1<\/strong>&nbsp;<\/p>\n\n\n\n<p>09.02.2023\u00a0<br>Sted: Egil Oaland\u00a0<br>Til stede: Egil, Ingeborg, Monica, Miriam, Malin, Rolf og Hanne\u00a0\u00a0<\/p>\n\n\n\n<p><strong>Sak 1. (1) Konstituering av styret<\/strong>&nbsp;<\/p>\n\n\n\n<p>Leder: Egil Oaland&nbsp;<\/p>\n\n\n\n<p>Nestleder: Rolf Ness&nbsp;<\/p>\n\n\n\n<p>Kasserer: Miriam Fossan Knudsen&nbsp;<\/p>\n\n\n\n<p>Sekret\u00e6r: Hanne Haugan&nbsp;<\/p>\n\n\n\n<p>Ungdomsrepresentant: Maria G. Bosvik&nbsp;<\/p>\n\n\n\n<p>Ansvarsomr\u00e5der deles ut p\u00e5 senere tidspunkt.&nbsp;&nbsp;<\/p>\n\n\n\n<p><strong>Sak 2. (2) Slagord\/ Visjon&nbsp;<\/strong>&nbsp;<\/p>\n\n\n\n<p>Egil foresl\u00e5r at klubben skal ha et slagord.&nbsp;&nbsp;<\/p>\n\n\n\n<p>Forslag 1: Villingur, klubben for alle.&nbsp;<\/p>\n\n\n\n<p>Forslag 2: Villingur, sammen er vi god.&nbsp;&nbsp;<\/p>\n\n\n\n<p>Styret \u00f8nsker mer tenketid. Tar det opp p\u00e5 et senere tidspunkt.&nbsp;&nbsp;<\/p>\n\n\n\n<p><strong>Sak 3. (3) Terminliste<\/strong>&nbsp;<\/p>\n\n\n\n<p>Hanne gjennomg\u00e5r oppsatt terminliste fra forrige styre.&nbsp;&nbsp;<\/p>\n\n\n\n<p>Diskusjon p\u00e5 kursfronten. I dag er det satt opp kurs en gang i m\u00e5neden. Noen skulle \u00f8nske det var ukentlig kurs. Det finnes muligheter for digital undervisning, som ogs\u00e5 skjer p\u00e5 privat initiativ, som fungerer ganske greit. Det er en problematikk i \u00e5 f\u00e5 nok p\u00e5meldte til kurs i dag, og det er flere behov som m\u00e5 dekkes. Det stilles sp\u00f8rsm\u00e5l om Villingur burde arrangere f\u00e6rre kurs for \u00e5 gj\u00f8re det mer attraktivt. Vi har pr. i dag arrangerte kurs med Trine Risvang og Marthe Skj\u00e6veland, som arrangeres p\u00e5 Forsand og p\u00e5 by-siden som fungerer flott. Instrukt\u00f8rene er ogs\u00e5 villige til \u00e5 forflytte seg i l\u00f8pet av kurs-helgen. Vi \u00f8nsker at kurs skal v\u00e6re et samlingspunkt for flere og det er \u00f8nsket at mikrofon + h\u00f8yttaler benyttes slik at tribunen kan h\u00f8re instruksjonen. Villingur har et opplegg for dette, men det mangler en ledning. Vi g\u00e5r til innkj\u00f8p for det som trengs slik at dette kan benyttes.&nbsp;&nbsp;<\/p>\n\n\n\n<p>Nye datoer til terminlisten:&nbsp;&nbsp;<\/p>\n\n\n\n<p>24-26. februar \u2013 Dugnad i dalen&nbsp;&nbsp;<\/p>\n\n\n\n<p>25-26. mars \u2013 Kvalifiseringsstevne &#8211; Egil finner dommere.&nbsp;&nbsp;<\/p>\n\n\n\n<p>14. mars- Medlemsm\u00f8te i forkant av \u00e5rsm\u00f8tet i NIHF.&nbsp;&nbsp;<\/p>\n\n\n\n<p>15-16. april \u2013 Trine Risvang kurs&nbsp;&nbsp;<\/p>\n\n\n\n<p>29-30. april \u2013 Klubbmesterskap &#8211; Egil skaffer dommere&nbsp;<\/p>\n\n\n\n<p>Forslag til ytterligere datoer som skal diskuteres mer:&nbsp;&nbsp;<\/p>\n\n\n\n<p><em>6-7. mai \u2013 Sosial happening<\/em>&nbsp;<\/p>\n\n\n\n<p><em>7. mai \u2013 Barnas dag&nbsp;<\/em>&nbsp;<\/p>\n\n\n\n<p><strong>Sak 4 (4) Bane og anlegg i dalen&nbsp;<\/strong>&nbsp;<\/p>\n\n\n\n<p>Det er stort behov for oppfriskning av baneanlegget til klubben. Dette b\u00f8r bli gjort f\u00f8r stevnesesongen starter. Dugnaden m\u00e5 v\u00e6re organisert. Egil organiserer arbeidet og fordeler ansvarsomr\u00e5der.&nbsp;&nbsp;<\/p>\n\n\n\n<p>Dugnaden vil komme opp i samme helg som Marthe og Gulli kurset. Vi finner ny l\u00f8sning for hvor kurset arrangeres.&nbsp;&nbsp;<\/p>\n\n\n\n<p>Planlagt arbeid:&nbsp;&nbsp;<\/p>\n\n\n\n<p>Nytt gjerde&nbsp;<\/p>\n\n\n\n<p>Rense uteomr\u00e5det og innsiden av klubbhuset.&nbsp;&nbsp;<\/p>\n\n\n\n<p>Gj\u00f8re klar det gamle sekretariatet brukbart igjen. (ikke behov for \u00e5 sitte i brakka n\u00e5 som alt er digitalt).&nbsp;&nbsp;<\/p>\n\n\n\n<p>Det trengs en gravemaskin for arbeidet. Miriam sjekker tilgjengelighet og kost p\u00e5 dette fra TS.&nbsp;<\/p>\n\n\n\n<p><strong>Eventuelt.&nbsp;&nbsp;<\/strong>&nbsp;<\/p>\n\n\n\n<p>\u00d8nsket at klubbene i n\u00e6romr\u00e5det holder kontakt for \u00e5 samkj\u00f8re terminlister og unng\u00e5 \u00e5 arrangere arrangement i samme helger. Egil ordner dette.&nbsp;&nbsp;<\/p>\n\n\n\n<p>N\u00f8kler til klubbhuset: Hanne, Malin, Miriam og Egil har hver sin n\u00f8kkel til klubbhuset. Kode p\u00e5 n\u00f8kkel-boks skal endres i \u00e5r. Egil ordner dette.&nbsp;&nbsp;<\/p>\n\n\n\n<p>\u00c5rsm\u00f8te i NIHF &#8211;&nbsp; Egil reiser.&nbsp;&nbsp;<\/p>\n\n\n\n<p>Pinsestevnet 2023 \u2013 Villingur har f\u00e5tt utdelt oppgavene rundt flaggritt. Pinsestevnet er en topp samlingsarena, og vi \u00f8nsker at flere reiser sammen opp.&nbsp;&nbsp;<\/p>\n\n\n\n<p>Hjemmesiden m\u00e5 oppdateres \u2013 Miriam rydder opp p\u00e5 hjemmesiden til Villingur&nbsp;<\/p>\n\n\n\n<p>Kommunikasjon utad \u2013 Vi beholder den facebook-gruppen som man m\u00e5 be om medlemskap. Gruppen er \u00e5pen for alle og alle har mulighet til \u00e5 skrive innlegg. Det er ogs\u00e5 mulig \u00e5 gj\u00f8re flere innstillinger p\u00e5 en slik gruppe enn en \u00e5pen liker-side.&nbsp;&nbsp;<\/p>\n\n\n\n<p>Kommunikasjon innad i styret \u2013 Messenger gruppe. Alle sjekker innom hver dag for \u00e5 se om det er nye meldinger.&nbsp;&nbsp;<\/p>\n\n\n\n<p>Fjordafolkets dag \u2013 Villingur takker nei.&nbsp;&nbsp;<\/p>\n\n\n\n<p>Klubbkl\u00e6r &#8211; ta med forslag til medlemsm\u00f8tet.&nbsp;&nbsp;<\/p>\n\n\n\n<p><\/p>\n","protected":false},"excerpt":{"rendered":"<p>Styrem\u00f8te 14 16.01.2024Sted: Hos BjarneTil stede: Tormod, Miriam, Malin, Monika, Ingeborg og Bjarne Sak 1. &nbsp;(63) Varmepumpe Egil har skaffet midler til varmepumpe i klubbhuset i dalen. Vi i styret er enige om plassering av varmepumpe s\u00e5 sant mont\u00f8r fra Power mener det samme. Kommer mont\u00f8r 17.01 for installasjon. Egil m\u00f8ter men vi m\u00e5 klargj\u00f8re &hellip; <\/p>\n<p class=\"link-more\"><a href=\"http:\/\/www.villingur.com\/?page_id=9494\" class=\"more-link\">Fortsett \u00e5 lese<span class=\"screen-reader-text\"> \u00abReferat fra styret 2023\u00bb<\/span><\/a><\/p>\n","protected":false},"author":3,"featured_media":0,"parent":0,"menu_order":0,"comment_status":"closed","ping_status":"closed","template":"","meta":{"jetpack_post_was_ever_published":false,"footnotes":""},"class_list":["post-9494","page","type-page","status-publish","hentry"],"jetpack_sharing_enabled":true,"jetpack_shortlink":"https:\/\/wp.me\/P803s6-2t8","jetpack_likes_enabled":true,"_links":{"self":[{"href":"http:\/\/www.villingur.com\/index.php?rest_route=\/wp\/v2\/pages\/9494","targetHints":{"allow":["GET"]}}],"collection":[{"href":"http:\/\/www.villingur.com\/index.php?rest_route=\/wp\/v2\/pages"}],"about":[{"href":"http:\/\/www.villingur.com\/index.php?rest_route=\/wp\/v2\/types\/page"}],"author":[{"embeddable":true,"href":"http:\/\/www.villingur.com\/index.php?rest_route=\/wp\/v2\/users\/3"}],"replies":[{"embeddable":true,"href":"http:\/\/www.villingur.com\/index.php?rest_route=%2Fwp%2Fv2%2Fcomments&post=9494"}],"version-history":[{"count":16,"href":"http:\/\/www.villingur.com\/index.php?rest_route=\/wp\/v2\/pages\/9494\/revisions"}],"predecessor-version":[{"id":10137,"href":"http:\/\/www.villingur.com\/index.php?rest_route=\/wp\/v2\/pages\/9494\/revisions\/10137"}],"wp:attachment":[{"href":"http:\/\/www.villingur.com\/index.php?rest_route=%2Fwp%2Fv2%2Fmedia&parent=9494"}],"curies":[{"name":"wp","href":"https:\/\/api.w.org\/{rel}","templated":true}]}}